{"version":"1.0","provider_name":"DanielOnWay - Photographie - Vid\u00e9o - Drone","provider_url":"https:\/\/danielonway.fr\/DanielOnWay","author_name":"Daniel BRUCHET","author_url":"https:\/\/danielonway.fr\/DanielOnWay\/author\/danielb\/","title":"Sortie du Livre : Lavandes - Collection Photographies","type":"rich","width":600,"height":338,"html":"<blockquote class=\"wp-embedded-content\" data-secret=\"uDIKtMxPtc\"><a href=\"https:\/\/danielonway.fr\/DanielOnWay\/lavande\/\">Sortie du Livre : Lavandes &#8211; Collection Photographies<\/a><\/blockquote><iframe sandbox=\"allow-scripts\" security=\"restricted\" src=\"https:\/\/danielonway.fr\/DanielOnWay\/lavande\/embed\/#?secret=uDIKtMxPtc\" width=\"600\" height=\"338\" title=\"\u00ab\u00a0Sortie du Livre : Lavandes &#8211; Collection Photographies\u00a0\u00bb &#8212; DanielOnWay - Photographie - Vid\u00e9o - Drone\" data-secret=\"uDIKtMxPtc\" frameborder=\"0\" marginwidth=\"0\" marginheight=\"0\" scrolling=\"no\" class=\"wp-embedded-content\"><\/iframe><script type=\"text\/javascript\">\n\/* <![CDATA[ *\/\n\/*! This file is auto-generated *\/\n!function(d,l){\"use strict\";l.querySelector&&d.addEventListener&&\"undefined\"!=typeof URL&&(d.wp=d.wp||{},d.wp.receiveEmbedMessage||(d.wp.receiveEmbedMessage=function(e){var t=e.data;if((t||t.secret||t.message||t.value)&&!\/[^a-zA-Z0-9]\/.test(t.secret)){for(var s,r,n,a=l.querySelectorAll('iframe[data-secret=\"'+t.secret+'\"]'),o=l.querySelectorAll('blockquote[data-secret=\"'+t.secret+'\"]'),c=new RegExp(\"^https?:$\",\"i\"),i=0;i<o.length;i++)o[i].style.display=\"none\";for(i=0;i<a.length;i++)s=a[i],e.source===s.contentWindow&&(s.removeAttribute(\"style\"),\"height\"===t.message?(1e3<(r=parseInt(t.value,10))?r=1e3:~~r<200&&(r=200),s.height=r):\"link\"===t.message&&(r=new URL(s.getAttribute(\"src\")),n=new URL(t.value),c.test(n.protocol))&&n.host===r.host&&l.activeElement===s&&(d.top.location.href=t.value))}},d.addEventListener(\"message\",d.wp.receiveEmbedMessage,!1),l.addEventListener(\"DOMContentLoaded\",function(){for(var e,t,s=l.querySelectorAll(\"iframe.wp-embedded-content\"),r=0;r<s.length;r++)(t=(e=s[r]).getAttribute(\"data-secret\"))||(t=Math.random().toString(36).substring(2,12),e.src+=\"#?secret=\"+t,e.setAttribute(\"data-secret\",t)),e.contentWindow.postMessage({message:\"ready\",secret:t},\"*\")},!1)))}(window,document);\n\/\/# sourceURL=https:\/\/danielonway.fr\/DanielOnWay\/wp-includes\/js\/wp-embed.min.js\n\/* ]]> *\/\n<\/script>\n","thumbnail_url":"https:\/\/danielonway.fr\/DanielOnWay\/wp-content\/uploads\/2016\/10\/Lavandes-livre-Couv.png","thumbnail_width":891,"thumbnail_height":717,"description":"Sortie aujourd'hui 25 Octobre 2016 de mon nouveau livre de photographies r\u00e9alis\u00e9es sur les plateaux de Valensole et Puimoisson en Haute Provence. Au gr\u00e9 des clich\u00e9s on d\u00e9couvrira la culture des deux esp\u00e8ces de lavandes - le lavandin et la lavande fine - en sillons rectilignes qui est un savoir-faire ancestral qui fa\u00e7onne les paysages de Provence et les plateaux de Valensole et Puimoisson en particuliers ..."}